{"id":24293,"date":"2025-08-29T12:44:16","date_gmt":"2025-08-29T18:44:16","guid":{"rendered":"https:\/\/integra360.com.mx\/index.php\/property\/venta-de-casa-en-zona-plateada-pachuca-2-habitaciones-mas-loft\/"},"modified":"2026-01-02T14:28:25","modified_gmt":"2026-01-02T20:28:25","slug":"venta-de-casa-en-zona-plateada-pachuca-2-habitaciones-mas-loft","status":"publish","type":"property","link":"https:\/\/integra360.com.mx\/index.php\/property\/venta-de-casa-en-zona-plateada-pachuca-2-habitaciones-mas-loft\/","title":{"rendered":"Venta de casa en Zona Plateada, Pachuca. 2 habitaciones m\u00e1s loft."},"content":{"rendered":"<p class=\"cvGsUA direction-ltr align-center para-style-body\"><span class=\"a_GcMg font-feature-liga-off font-feature-clig-off font-feature-calt-off text-decoration-none text-strikethrough-none\">Vive en Zona exclusiva de Pachuca,, con amplias pareas verdes y por supuesto seguridad, respira aire fresco y disfruta de la tranquilidad que te brinda esta ciudad y su cercan\u00eda a los Pueblos M\u00e1gicos.<\/span><\/p>\n<p class=\"cvGsUA direction-ltr align-center para-style-body\"><span class=\"a_GcMg font-feature-liga-off font-feature-clig-off font-feature-calt-off text-decoration-none text-strikethrough-none\">Vive a solo 2 min de Plaza Galerias, bancos, parques, zonas de recreaci\u00f3n, restaurantes y principales v\u00edas de comunicaci\u00f3n.<br \/>\n<\/span><\/p>\n<p class=\"cvGsUA direction-ltr align-start para-style-body\"><span class=\"a_GcMg font-feature-liga-off font-feature-clig-off font-feature-calt-off text-decoration-none text-strikethrough-none\">PLANTA BAJA<\/span><\/p>\n<ul>\n<li><span class=\"a_GcMg font-feature-liga-off font-feature-clig-off font-feature-calt-off text-decoration-none text-strikethrough-none\">Cochera para 2 o 3 autos<\/span><\/li>\n<li><span class=\"a_GcMg font-feature-liga-off font-feature-clig-off font-feature-calt-off text-decoration-none text-strikethrough-none\">cisterna<\/span><\/li>\n<li><span class=\"a_GcMg font-feature-liga-off font-feature-clig-off font-feature-calt-off text-decoration-none text-strikethrough-none\">sala<\/span><\/li>\n<li><span class=\"a_GcMg font-feature-liga-off font-feature-clig-off font-feature-calt-off text-decoration-none text-strikethrough-none\">comedor<\/span><\/li>\n<li><span class=\"a_GcMg font-feature-liga-off font-feature-clig-off font-feature-calt-off text-decoration-none text-strikethrough-none\">\u00bd ba\u00f1o de visitasm<\/span><\/li>\n<li><span class=\"a_GcMg font-feature-liga-off font-feature-clig-off font-feature-calt-off text-decoration-none text-strikethrough-none\">cocina<\/span><\/li>\n<li><span class=\"a_GcMg font-feature-liga-off font-feature-clig-off font-feature-calt-off text-decoration-none text-strikethrough-none\">Recamara jr con<\/span> <span class=\"a_GcMg font-feature-liga-off font-feature-clig-off font-feature-calt-off text-decoration-none text-strikethrough-none\">closet y ba\u00f1o completo<\/span><\/li>\n<li><span class=\"a_GcMg font-feature-liga-off font-feature-clig-off font-feature-calt-off text-decoration-none text-strikethrough-none\">Recamara principal con vestidor y ba\u00f1o completo<\/span><\/li>\n<li><span class=\"a_GcMg font-feature-liga-off font-feature-clig-off font-feature-calt-off text-decoration-none text-strikethrough-none\">jard\u00edn<\/span><\/li>\n<li><span class=\"a_GcMg font-feature-liga-off font-feature-clig-off font-feature-calt-off text-decoration-none text-strikethrough-none\">\u00e1rea de lavado<\/span><\/li>\n<\/ul>\n<p class=\"cvGsUA direction-ltr align-start para-style-body\"><span class=\"a_GcMg font-feature-liga-off font-feature-clig-off font-feature-calt-off text-decoration-none text-strikethrough-none\">PRIMER NIVEL<\/span><\/p>\n<ul>\n<li><span class=\"a_GcMg font-feature-liga-off font-feature-clig-off font-feature-calt-off text-decoration-none text-strikethrough-none\">Habitaci\u00f3n tipo Lofr con<\/span> <span class=\"a_GcMg font-feature-liga-off font-feature-clig-off font-feature-calt-off text-decoration-none text-strikethrough-none\">espacio para sala , comedor,<\/span> <span class=\"a_GcMg font-feature-liga-off font-feature-clig-off font-feature-calt-off text-decoration-none text-strikethrough-none\">ba\u00f1o completoy recamara<\/span><\/li>\n<li><span class=\"a_GcMg font-feature-liga-off font-feature-clig-off font-feature-calt-off text-decoration-none text-strikethrough-none\">Cuarto de servicio con ba\u00f1o y<\/span> <span class=\"a_GcMg font-feature-liga-off font-feature-clig-off font-feature-calt-off text-decoration-none text-strikethrough-none\">acceso<\/span> <span class=\"a_GcMg font-feature-liga-off font-feature-clig-off font-feature-calt-off text-decoration-none text-strikethrough-none\">por escalera de servicio<\/span><\/li>\n<li><span class=\"a_GcMg font-feature-liga-off font-feature-clig-off font-feature-calt-off text-decoration-none text-strikethrough-none\">Terraza roof garden con Asador<\/span><\/li>\n<\/ul>\n<p class=\"cvGsUA direction-ltr align-center para-style-body\">\n","protected":false},"excerpt":{"rendered":"<p>Vive en Zona exclusiva de Pachuca,, con amplias pareas verdes y por supuesto seguridad, respira aire fresco y disfruta de la tranquilidad que te brinda esta ciudad y su cercan\u00eda a los Pueblos M\u00e1gicos. Vive a solo 2 min de Plaza Galerias, bancos, parques, zonas de recreaci\u00f3n, restaurantes y principales v\u00edas de comunicaci\u00f3n. PLANTA BAJA [&hellip;]<\/p>\n","protected":false},"author":3,"featured_media":24288,"parent":0,"menu_order":0,"template":"","property_type":[90],"property_status":[87],"property_feature":[134,151,144,118,141,121,152],"property_label":[],"property_country":[85],"property_state":[84],"property_city":[83],"property_area":[],"class_list":["post-24293","property","type-property","status-publish","has-post-thumbnail","hentry","property_type-casas","property_status-venta","property_feature-cisterna","property_feature-closets","property_feature-escalera-de-vidrio-y-cristal-templado","property_feature-filtro-de-seguridad","property_feature-iluminacion-led","property_feature-juegos-infantiles","property_feature-vestidor","property_country-mexico","property_state-hidalgo","property_city-pachuca-de-soto"],"property_meta":{"fave_medios-bac3b1os":["1"],"fave_property_price":["7800000"],"fave_property_price_postfix":[""],"fave_property_price_prefix":[""],"fave_property_sec_price":[""],"fave_property_size":["380"],"fave_property_size_prefix":["m\u00b2"],"fave_property_land":["250"],"fave_property_land_postfix":["m\u00b2"],"fave_property_bedrooms":["2"],"fave_property_bathrooms":["2"],"fave_virtual_tour":[""],"fave_property_id":["HZ-24293"],"fave_video_url":[""],"fave_property_zip":[""],"additional_features":["a:1:{i:0;a:2:{s:29:\"fave_additional_feature_title\";s:0:\"\";s:29:\"fave_additional_feature_value\";s:0:\"\";}}"],"fave_additional_features_enable":["enable"],"floor_plans":["a:1:{i:0;a:8:{s:15:\"fave_plan_title\";s:0:\"\";s:15:\"fave_plan_rooms\";s:0:\"\";s:19:\"fave_plan_bathrooms\";s:0:\"\";s:15:\"fave_plan_price\";s:0:\"\";s:23:\"fave_plan_price_postfix\";s:0:\"\";s:14:\"fave_plan_size\";s:0:\"\";s:15:\"fave_plan_image\";s:0:\"\";s:21:\"fave_plan_description\";s:0:\"\";}}"],"fave_multi_units":["a:1:{i:0;a:9:{s:13:\"fave_mu_title\";s:0:\"\";s:12:\"fave_mu_beds\";s:0:\"\";s:13:\"fave_mu_baths\";s:0:\"\";s:12:\"fave_mu_size\";s:0:\"\";s:20:\"fave_mu_size_postfix\";s:0:\"\";s:13:\"fave_mu_price\";s:0:\"\";s:21:\"fave_mu_price_postfix\";s:0:\"\";s:12:\"fave_mu_type\";s:0:\"\";s:25:\"fave_mu_availability_date\";s:0:\"\";}}"],"fave_featured":["0"],"houzez_featured_listing_date":[""],"fave_mortgage_cal":["0"],"fave_private_note":[""],"fave_payment_status":["not_paid"],"fave_agent_display_option":["agency_info"],"fave_property_map_address":["Zona Plateada, Pachuca de Soto, Hgo., M\u00e9xico"],"fave_property_address":["Zona Plateada, Pachuca de Soto, Hgo., M\u00e9xico"],"houzez_geolocation_lat":["20.0958786"],"houzez_geolocation_long":["-98.7742784"],"fave_property_location":["20.0958786,-98.7742784"],"fave_property_map":["1"],"fave_property_map_street_view":["hide"],"houzez_total_property_views":["131"],"houzez_views_by_date":["a:61:{s:10:\"11-12-2025\";i:1;s:10:\"11-15-2025\";i:1;s:10:\"11-20-2025\";i:1;s:10:\"11-22-2025\";i:1;s:10:\"11-25-2025\";i:1;s:10:\"11-26-2025\";i:1;s:10:\"11-29-2025\";i:1;s:10:\"12-04-2025\";i:1;s:10:\"12-06-2025\";i:2;s:10:\"12-10-2025\";i:1;s:10:\"12-13-2025\";i:2;s:10:\"12-14-2025\";i:1;s:10:\"12-16-2025\";i:1;s:10:\"12-17-2025\";i:2;s:10:\"12-20-2025\";i:1;s:10:\"12-21-2025\";i:1;s:10:\"12-22-2025\";i:1;s:10:\"12-29-2025\";i:1;s:10:\"01-02-2026\";i:1;s:10:\"01-03-2026\";i:1;s:10:\"01-09-2026\";i:1;s:10:\"01-11-2026\";i:1;s:10:\"01-19-2026\";i:1;s:10:\"01-21-2026\";i:2;s:10:\"01-24-2026\";i:2;s:10:\"01-26-2026\";i:1;s:10:\"01-30-2026\";i:1;s:10:\"01-31-2026\";i:1;s:10:\"02-03-2026\";i:1;s:10:\"02-05-2026\";i:1;s:10:\"02-06-2026\";i:1;s:10:\"02-08-2026\";i:1;s:10:\"02-10-2026\";i:1;s:10:\"02-11-2026\";i:1;s:10:\"02-15-2026\";i:1;s:10:\"02-17-2026\";i:1;s:10:\"02-18-2026\";i:1;s:10:\"02-21-2026\";i:1;s:10:\"02-24-2026\";i:1;s:10:\"02-28-2026\";i:1;s:10:\"03-01-2026\";i:1;s:10:\"03-04-2026\";i:1;s:10:\"03-08-2026\";i:1;s:10:\"03-11-2026\";i:1;s:10:\"03-12-2026\";i:1;s:10:\"03-19-2026\";i:2;s:10:\"03-21-2026\";i:2;s:10:\"03-23-2026\";i:1;s:10:\"03-24-2026\";i:1;s:10:\"03-29-2026\";i:1;s:10:\"03-31-2026\";i:1;s:10:\"04-03-2026\";i:1;s:10:\"04-08-2026\";i:2;s:10:\"04-10-2026\";i:2;s:10:\"04-16-2026\";i:2;s:10:\"04-18-2026\";i:1;s:10:\"04-20-2026\";i:1;s:10:\"04-21-2026\";i:1;s:10:\"04-22-2026\";i:1;s:10:\"04-25-2026\";i:1;s:10:\"04-27-2026\";i:1;}"],"houzez_recently_viewed":["2026-04-27 13:33:13"],"fave_property_images":["24294","24288","24287","24289","24283","24282","24286","24277","24285","24281","24291","24280","24284","24290"],"_thumbnail_id":["24288"],"fave_property_agency":["2784"]},"yoast_head":"<!-- This site is optimized with the Yoast SEO plugin v26.9 - https:\/\/yoast.com\/product\/yoast-seo-wordpress\/ -->\n<title>Venta de casa en Zona Plateada, Pachuca. 2 habitaciones m\u00e1s loft. - Integra 360<\/title>\n<meta name=\"robots\" content=\"index, follow, max-snippet:-1, max-image-preview:large, max-video-preview:-1\" \/>\n<link rel=\"canonical\" href=\"https:\/\/integra360.com.mx\/index.php\/property\/venta-de-casa-en-zona-plateada-pachuca-2-habitaciones-mas-loft\/\" \/>\n<meta property=\"og:locale\" content=\"es_ES\" \/>\n<meta property=\"og:type\" content=\"article\" \/>\n<meta property=\"og:title\" content=\"Venta de casa en Zona Plateada, Pachuca. 2 habitaciones m\u00e1s loft. - Integra 360\" \/>\n<meta property=\"og:description\" content=\"Vive en Zona exclusiva de Pachuca,, con amplias pareas verdes y por supuesto seguridad, respira aire fresco y disfruta de la tranquilidad que te brinda esta ciudad y su cercan\u00eda a los Pueblos M\u00e1gicos. Vive a solo 2 min de Plaza Galerias, bancos, parques, zonas de recreaci\u00f3n, restaurantes y principales v\u00edas de comunicaci\u00f3n. PLANTA BAJA [&hellip;]\" \/>\n<meta property=\"og:url\" content=\"https:\/\/integra360.com.mx\/index.php\/property\/venta-de-casa-en-zona-plateada-pachuca-2-habitaciones-mas-loft\/\" \/>\n<meta property=\"og:site_name\" content=\"Integra 360\" \/>\n<meta property=\"article:modified_time\" content=\"2026-01-02T20:28:25+00:00\" \/>\n<meta property=\"og:image\" content=\"https:\/\/integra360.com.mx\/wp-content\/uploads\/2025\/08\/Foto-28-08-25-11-10-24-am-scaled.jpg\" \/>\n\t<meta property=\"og:image:width\" content=\"1920\" \/>\n\t<meta property=\"og:image:height\" content=\"2560\" \/>\n\t<meta property=\"og:image:type\" content=\"image\/jpeg\" \/>\n<meta name=\"twitter:card\" content=\"summary_large_image\" \/>\n<meta name=\"twitter:label1\" content=\"Tiempo de lectura\" \/>\n\t<meta name=\"twitter:data1\" content=\"1 minuto\" \/>\n<script type=\"application\/ld+json\" class=\"yoast-schema-graph\">{\"@context\":\"https:\/\/schema.org\",\"@graph\":[{\"@type\":\"WebPage\",\"@id\":\"https:\/\/integra360.com.mx\/index.php\/property\/venta-de-casa-en-zona-plateada-pachuca-2-habitaciones-mas-loft\/\",\"url\":\"https:\/\/integra360.com.mx\/index.php\/property\/venta-de-casa-en-zona-plateada-pachuca-2-habitaciones-mas-loft\/\",\"name\":\"Venta de casa en Zona Plateada, Pachuca. 2 habitaciones m\u00e1s loft. - Integra 360\",\"isPartOf\":{\"@id\":\"https:\/\/integra360.com.mx\/#website\"},\"primaryImageOfPage\":{\"@id\":\"https:\/\/integra360.com.mx\/index.php\/property\/venta-de-casa-en-zona-plateada-pachuca-2-habitaciones-mas-loft\/#primaryimage\"},\"image\":{\"@id\":\"https:\/\/integra360.com.mx\/index.php\/property\/venta-de-casa-en-zona-plateada-pachuca-2-habitaciones-mas-loft\/#primaryimage\"},\"thumbnailUrl\":\"https:\/\/integra360.com.mx\/wp-content\/uploads\/2025\/08\/Foto-28-08-25-11-10-24-am-scaled.jpg\",\"datePublished\":\"2025-08-29T18:44:16+00:00\",\"dateModified\":\"2026-01-02T20:28:25+00:00\",\"breadcrumb\":{\"@id\":\"https:\/\/integra360.com.mx\/index.php\/property\/venta-de-casa-en-zona-plateada-pachuca-2-habitaciones-mas-loft\/#breadcrumb\"},\"inLanguage\":\"es\",\"potentialAction\":[{\"@type\":\"ReadAction\",\"target\":[\"https:\/\/integra360.com.mx\/index.php\/property\/venta-de-casa-en-zona-plateada-pachuca-2-habitaciones-mas-loft\/\"]}]},{\"@type\":\"ImageObject\",\"inLanguage\":\"es\",\"@id\":\"https:\/\/integra360.com.mx\/index.php\/property\/venta-de-casa-en-zona-plateada-pachuca-2-habitaciones-mas-loft\/#primaryimage\",\"url\":\"https:\/\/integra360.com.mx\/wp-content\/uploads\/2025\/08\/Foto-28-08-25-11-10-24-am-scaled.jpg\",\"contentUrl\":\"https:\/\/integra360.com.mx\/wp-content\/uploads\/2025\/08\/Foto-28-08-25-11-10-24-am-scaled.jpg\",\"width\":1920,\"height\":2560},{\"@type\":\"BreadcrumbList\",\"@id\":\"https:\/\/integra360.com.mx\/index.php\/property\/venta-de-casa-en-zona-plateada-pachuca-2-habitaciones-mas-loft\/#breadcrumb\",\"itemListElement\":[{\"@type\":\"ListItem\",\"position\":1,\"name\":\"Portada\",\"item\":\"https:\/\/integra360.com.mx\/\"},{\"@type\":\"ListItem\",\"position\":2,\"name\":\"Propiedades\",\"item\":\"https:\/\/integra360.com.mx\/index.php\/property\/\"},{\"@type\":\"ListItem\",\"position\":3,\"name\":\"Venta de casa en Zona Plateada, Pachuca. 2 habitaciones m\u00e1s loft.\"}]},{\"@type\":\"WebSite\",\"@id\":\"https:\/\/integra360.com.mx\/#website\",\"url\":\"https:\/\/integra360.com.mx\/\",\"name\":\"Integra 360\",\"description\":\"\",\"potentialAction\":[{\"@type\":\"SearchAction\",\"target\":{\"@type\":\"EntryPoint\",\"urlTemplate\":\"https:\/\/integra360.com.mx\/?s={search_term_string}\"},\"query-input\":{\"@type\":\"PropertyValueSpecification\",\"valueRequired\":true,\"valueName\":\"search_term_string\"}}],\"inLanguage\":\"es\"}]}<\/script>\n<!-- \/ Yoast SEO plugin. -->","yoast_head_json":{"title":"Venta de casa en Zona Plateada, Pachuca. 2 habitaciones m\u00e1s loft. - Integra 360","robots":{"index":"index","follow":"follow","max-snippet":"max-snippet:-1","max-image-preview":"max-image-preview:large","max-video-preview":"max-video-preview:-1"},"canonical":"https:\/\/integra360.com.mx\/index.php\/property\/venta-de-casa-en-zona-plateada-pachuca-2-habitaciones-mas-loft\/","og_locale":"es_ES","og_type":"article","og_title":"Venta de casa en Zona Plateada, Pachuca. 2 habitaciones m\u00e1s loft. - Integra 360","og_description":"Vive en Zona exclusiva de Pachuca,, con amplias pareas verdes y por supuesto seguridad, respira aire fresco y disfruta de la tranquilidad que te brinda esta ciudad y su cercan\u00eda a los Pueblos M\u00e1gicos. Vive a solo 2 min de Plaza Galerias, bancos, parques, zonas de recreaci\u00f3n, restaurantes y principales v\u00edas de comunicaci\u00f3n. PLANTA BAJA [&hellip;]","og_url":"https:\/\/integra360.com.mx\/index.php\/property\/venta-de-casa-en-zona-plateada-pachuca-2-habitaciones-mas-loft\/","og_site_name":"Integra 360","article_modified_time":"2026-01-02T20:28:25+00:00","og_image":[{"width":1920,"height":2560,"url":"https:\/\/integra360.com.mx\/wp-content\/uploads\/2025\/08\/Foto-28-08-25-11-10-24-am-scaled.jpg","type":"image\/jpeg"}],"twitter_card":"summary_large_image","twitter_misc":{"Tiempo de lectura":"1 minuto"},"schema":{"@context":"https:\/\/schema.org","@graph":[{"@type":"WebPage","@id":"https:\/\/integra360.com.mx\/index.php\/property\/venta-de-casa-en-zona-plateada-pachuca-2-habitaciones-mas-loft\/","url":"https:\/\/integra360.com.mx\/index.php\/property\/venta-de-casa-en-zona-plateada-pachuca-2-habitaciones-mas-loft\/","name":"Venta de casa en Zona Plateada, Pachuca. 2 habitaciones m\u00e1s loft. - Integra 360","isPartOf":{"@id":"https:\/\/integra360.com.mx\/#website"},"primaryImageOfPage":{"@id":"https:\/\/integra360.com.mx\/index.php\/property\/venta-de-casa-en-zona-plateada-pachuca-2-habitaciones-mas-loft\/#primaryimage"},"image":{"@id":"https:\/\/integra360.com.mx\/index.php\/property\/venta-de-casa-en-zona-plateada-pachuca-2-habitaciones-mas-loft\/#primaryimage"},"thumbnailUrl":"https:\/\/integra360.com.mx\/wp-content\/uploads\/2025\/08\/Foto-28-08-25-11-10-24-am-scaled.jpg","datePublished":"2025-08-29T18:44:16+00:00","dateModified":"2026-01-02T20:28:25+00:00","breadcrumb":{"@id":"https:\/\/integra360.com.mx\/index.php\/property\/venta-de-casa-en-zona-plateada-pachuca-2-habitaciones-mas-loft\/#breadcrumb"},"inLanguage":"es","potentialAction":[{"@type":"ReadAction","target":["https:\/\/integra360.com.mx\/index.php\/property\/venta-de-casa-en-zona-plateada-pachuca-2-habitaciones-mas-loft\/"]}]},{"@type":"ImageObject","inLanguage":"es","@id":"https:\/\/integra360.com.mx\/index.php\/property\/venta-de-casa-en-zona-plateada-pachuca-2-habitaciones-mas-loft\/#primaryimage","url":"https:\/\/integra360.com.mx\/wp-content\/uploads\/2025\/08\/Foto-28-08-25-11-10-24-am-scaled.jpg","contentUrl":"https:\/\/integra360.com.mx\/wp-content\/uploads\/2025\/08\/Foto-28-08-25-11-10-24-am-scaled.jpg","width":1920,"height":2560},{"@type":"BreadcrumbList","@id":"https:\/\/integra360.com.mx\/index.php\/property\/venta-de-casa-en-zona-plateada-pachuca-2-habitaciones-mas-loft\/#breadcrumb","itemListElement":[{"@type":"ListItem","position":1,"name":"Portada","item":"https:\/\/integra360.com.mx\/"},{"@type":"ListItem","position":2,"name":"Propiedades","item":"https:\/\/integra360.com.mx\/index.php\/property\/"},{"@type":"ListItem","position":3,"name":"Venta de casa en Zona Plateada, Pachuca. 2 habitaciones m\u00e1s loft."}]},{"@type":"WebSite","@id":"https:\/\/integra360.com.mx\/#website","url":"https:\/\/integra360.com.mx\/","name":"Integra 360","description":"","potentialAction":[{"@type":"SearchAction","target":{"@type":"EntryPoint","urlTemplate":"https:\/\/integra360.com.mx\/?s={search_term_string}"},"query-input":{"@type":"PropertyValueSpecification","valueRequired":true,"valueName":"search_term_string"}}],"inLanguage":"es"}]}},"_links":{"self":[{"href":"https:\/\/integra360.com.mx\/index.php\/wp-json\/wp\/v2\/properties\/24293","targetHints":{"allow":["GET"]}}],"collection":[{"href":"https:\/\/integra360.com.mx\/index.php\/wp-json\/wp\/v2\/properties"}],"about":[{"href":"https:\/\/integra360.com.mx\/index.php\/wp-json\/wp\/v2\/types\/property"}],"author":[{"embeddable":true,"href":"https:\/\/integra360.com.mx\/index.php\/wp-json\/wp\/v2\/users\/3"}],"version-history":[{"count":1,"href":"https:\/\/integra360.com.mx\/index.php\/wp-json\/wp\/v2\/properties\/24293\/revisions"}],"predecessor-version":[{"id":24295,"href":"https:\/\/integra360.com.mx\/index.php\/wp-json\/wp\/v2\/properties\/24293\/revisions\/24295"}],"wp:featuredmedia":[{"embeddable":true,"href":"https:\/\/integra360.com.mx\/index.php\/wp-json\/wp\/v2\/media\/24288"}],"wp:attachment":[{"href":"https:\/\/integra360.com.mx\/index.php\/wp-json\/wp\/v2\/media?parent=24293"}],"wp:term":[{"taxonomy":"property_type","embeddable":true,"href":"https:\/\/integra360.com.mx\/index.php\/wp-json\/wp\/v2\/property_type?post=24293"},{"taxonomy":"property_status","embeddable":true,"href":"https:\/\/integra360.com.mx\/index.php\/wp-json\/wp\/v2\/property_status?post=24293"},{"taxonomy":"property_feature","embeddable":true,"href":"https:\/\/integra360.com.mx\/index.php\/wp-json\/wp\/v2\/property_feature?post=24293"},{"taxonomy":"property_label","embeddable":true,"href":"https:\/\/integra360.com.mx\/index.php\/wp-json\/wp\/v2\/property_label?post=24293"},{"taxonomy":"property_country","embeddable":true,"href":"https:\/\/integra360.com.mx\/index.php\/wp-json\/wp\/v2\/property_country?post=24293"},{"taxonomy":"property_state","embeddable":true,"href":"https:\/\/integra360.com.mx\/index.php\/wp-json\/wp\/v2\/property_state?post=24293"},{"taxonomy":"property_city","embeddable":true,"href":"https:\/\/integra360.com.mx\/index.php\/wp-json\/wp\/v2\/property_city?post=24293"},{"taxonomy":"property_area","embeddable":true,"href":"https:\/\/integra360.com.mx\/index.php\/wp-json\/wp\/v2\/property_area?post=24293"}],"curies":[{"name":"wp","href":"https:\/\/api.w.org\/{rel}","templated":true}]}}